{"id":1281,"date":"2024-12-07T09:36:30","date_gmt":"2024-12-07T08:36:30","guid":{"rendered":"https:\/\/collegeborisvian.blogs.laclasse.com\/?page_id=1281"},"modified":"2026-02-27T17:00:43","modified_gmt":"2026-02-27T16:00:43","slug":"les-journees-portes-ouvertes-des-lycees","status":"publish","type":"page","link":"https:\/\/collegeborisvian.blogs.laclasse.com\/?page_id=1281","title":{"rendered":"Les Journ\u00e9es Portes Ouvertes des lyc\u00e9es"},"content":{"rendered":"<p>D\u00e9couvrez ci-dessous les <strong>dates des Journ\u00e9es Portes Ouvertes<\/strong> des lyc\u00e9es de la r\u00e9gion. C&rsquo;est le meilleur moyen pour d\u00e9couvrir les formations propos\u00e9es apr\u00e8s le brevet.<\/p>\n<p>Les lyc\u00e9es proposent \u00e9galement des <strong>mini-stages<\/strong> (une int\u00e9gration d&rsquo;une journ\u00e9e ou une demi journ\u00e9e dans le lyc\u00e9e pour suivre une classe de lyc\u00e9ens et d\u00e9couvrir les cours), parlez-en \u00e0 votre professeur principal.<\/p>\n<table class=\" alignleft\" style=\"width: 100%;border-collapse: collapse;border-style: solid;border-color: #000000;background-color: #f5f5f5\" cellpadding=\"0\">\n<tbody>\n<tr style=\"height: 74px\">\n<td style=\"width: 23.952%;height: 74px;border-style: solid;border-color: #000000\"><strong>Lyc\u00e9e<\/strong><\/td>\n<td style=\"width: 33.7628%;height: 74px;border-style: solid;border-color: #000000\"><strong>Domaines \/ Formations<\/strong><\/td>\n<td style=\"width: 28.0549%;height: 74px;border-style: solid;border-color: #000000\"><strong>Date des Portes Ouvertes<\/strong><\/td>\n<\/tr>\n<tr style=\"height: 322px\">\n<td style=\"width: 23.952%;border-style: solid;border-color: #000000;height: 322px\"><a href=\"https:\/\/fernand-forest.ent.auvergnerhonealpes.fr\/nos-formations\/\" target=\"_blank\" rel=\"noopener\">Lyc\u00e9e Fernand Forest (Saint Priest)<\/a><\/td>\n<td style=\"width: 33.7628%;border-style: solid;border-color: #000000;height: 322px\"><span style=\"color: #339966;font-size: 12pt\">M\u00e9tiers de <strong>l&rsquo;\u00e9lectricit\u00e9<\/strong><\/span><\/p>\n<p><span style=\"font-size: 12pt\"><strong><span style=\"color: #339966\">Administration<\/span><\/strong><\/span><\/p>\n<p><span style=\"color: #339966;font-size: 12pt\">M\u00e9tiers de la <strong>s\u00e9curit\u00e9<\/strong><\/span><\/p>\n<p><span style=\"color: #339966;font-size: 12pt\">Productions <strong>m\u00e9caniques<\/strong><\/span><\/p>\n<p><span style=\"color: #339966;font-size: 12pt\">Usinage \/ <strong>chaudronnerie<\/strong><\/span><\/td>\n<td style=\"width: 28.0549%;border-style: solid;border-color: #000000;height: 322px;text-align: center\"><strong>Samedi 24 janvier <\/strong><\/p>\n<p><strong>9h &#8211; 12h<\/strong><\/td>\n<\/tr>\n<tr style=\"height: 87px\">\n<td style=\"width: 23.952%;border-style: solid;border-color: #000000;height: 87px\"><a href=\"https:\/\/condorcet.ent.auvergnerhonealpes.fr\/\">Lyc\u00e9e Condorcet (Saint Priest)<\/a><\/td>\n<td style=\"width: 33.7628%;border-style: solid;border-color: #000000;height: 87px\"><span style=\"color: #000080;font-size: 12pt\">Lyc\u00e9e g\u00e9n\u00e9ral et technologique<\/span><\/td>\n<td style=\"width: 28.0549%;border-style: solid;border-color: #000000;height: 87px\">\n<p style=\"text-align: center\"><strong>Samedi 17 janvier<\/strong><\/p>\n<p style=\"text-align: center\"><strong>9h &#8211; 12h<\/strong><\/p>\n<\/td>\n<\/tr>\n<tr>\n<td style=\"width: 23.952%;border-style: solid;border-color: #000000\"><a href=\"https:\/\/lyc-jacques-brel.ent.auvergnerhonealpes.fr\/le-lycee\/presentation-des-sections\/b-la-section-d-enseignement-professionnel-6946.htm?URL_BLOG_FILTRE=%231982\">Lyc\u00e9e Jacques Brel (V\u00e9nissieux)<\/a><\/td>\n<td style=\"width: 33.7628%;border-style: solid;border-color: #000000\"><strong><span style=\"color: #339966;font-size: 12pt\">Commerce<\/span><\/strong><\/p>\n<p><span style=\"color: #339966\"><strong>Soins<\/strong> et services \u00e0 la personne<\/span><\/p>\n<p><strong><span style=\"color: #339966\">Administration<\/span><\/strong><\/td>\n<td style=\"width: 28.0549%;border-style: solid;border-color: #000000\">\n<p style=\"text-align: center\"><strong>Samedi 28 f\u00e9vrier<\/strong><\/p>\n<p style=\"text-align: center\"><strong>9h &#8211; 12h<\/strong><\/p>\n<\/td>\n<\/tr>\n<tr>\n<td style=\"width: 23.952%;border-style: solid;border-color: #000000\"><a href=\"https:\/\/helene-boucher.ent.auvergnerhonealpes.fr\/\">Lyc\u00e9e H\u00e9l\u00e8ne Boucher (V\u00e9nissieux)<\/a><\/p>\n<p style=\"text-align: center\"><span style=\"font-size: 12pt\">(avec dispositif ULIS)<\/span><\/p>\n<\/td>\n<td style=\"width: 33.7628%;border-style: solid;border-color: #000000\"><span style=\"color: #339966;font-size: 12pt\"><strong>H\u00f4tellerie<\/strong> \/ <strong>restauration<\/strong><\/span><\/p>\n<p><span style=\"color: #339966;font-size: 12pt\"><strong>Hygi\u00e8ne<\/strong> et propret\u00e9<\/span><\/p>\n<p><span style=\"font-size: 12pt\"><strong><span style=\"color: #339966\">Commerce<\/span><\/strong><\/span><\/td>\n<td style=\"width: 28.0549%;border-style: solid;border-color: #000000\">\n<p style=\"text-align: center\"><strong>Samedi 28 f\u00e9vrier<\/strong><\/p>\n<p style=\"text-align: center\"><strong>9h &#8211; 12h<\/strong><\/p>\n<\/td>\n<\/tr>\n<tr style=\"height: 43px\">\n<td style=\"width: 23.952%;border-style: solid;border-color: #000000;height: 43px\"><a href=\"https:\/\/tony-garnier.ent.auvergnerhonealpes.fr\/formations\/\" target=\"_blank\" rel=\"noopener\">Lyc\u00e9e Tony Garnier (Bron)<\/a><\/td>\n<td style=\"width: 33.7628%;border-style: solid;border-color: #000000;height: 43px\"><span style=\"color: #339966;font-size: 12pt\">M\u00e9tiers de <strong>l&rsquo;\u00e9nerg\u00e9tique<\/strong><\/span><\/p>\n<p><span style=\"color: #339966;font-size: 12pt\">M\u00e9tiers de <strong>l&rsquo;\u00e9lectricit\u00e9<\/strong><\/span><\/p>\n<p><span style=\"color: #339966;font-size: 12pt\">M\u00e9tiers du <strong>b\u00e2timent<\/strong> \/ Travaux publics<\/span><\/td>\n<td style=\"width: 28.0549%;border-style: solid;border-color: #000000;height: 43px\">\n<p style=\"text-align: center\"><strong>Samedi 14 mars<\/strong><\/p>\n<p style=\"text-align: center\"><strong>9h &#8211; 12h<\/strong><\/p>\n<\/td>\n<\/tr>\n<tr style=\"height: 146px\">\n<td style=\"width: 23.952%;border-style: solid;border-color: #000000;height: 146px\"><a href=\"https:\/\/emile-bejuit.ent.auvergnerhonealpes.fr\" target=\"_blank\" rel=\"noopener\">Lyc\u00e9e Emile B\u00e9juit (Bron)<\/a><\/p>\n<p style=\"text-align: center\"><span style=\"font-size: 12pt\">(avec dispositif ULIS)<\/span><\/p>\n<\/td>\n<td style=\"width: 33.7628%;border-style: solid;border-color: #000000;height: 146px\"><span style=\"color: #339966;font-size: 12pt\">Maintenance des <strong>v\u00e9hicules<\/strong><\/span><\/p>\n<p><span style=\"color: #339966;font-size: 12pt\"><strong>Transport<\/strong> routier<\/span><\/td>\n<td style=\"width: 28.0549%;border-style: solid;border-color: #000000;height: 146px\">\n<p style=\"text-align: center\"><strong>Samedi 7 mars<\/strong><\/p>\n<p style=\"text-align: center\"><strong>9h &#8211; 12h<\/strong><\/p>\n<\/td>\n<\/tr>\n<tr>\n<td style=\"width: 23.952%;border-style: solid;border-color: #000000\"><a href=\"https:\/\/jean-paul-sartre.ent.auvergnerhonealpes.fr\/\">Lyc\u00e9e Jean Paul Sartre (Bron)<\/a><\/td>\n<td style=\"width: 33.7628%;border-style: solid;border-color: #000000\"><span style=\"color: #339966;font-size: 12pt\"><span style=\"color: #000080;font-size: 12pt\">Lyc\u00e9e g\u00e9n\u00e9ral et technologique<\/span><\/span><\/td>\n<td style=\"width: 28.0549%;border-style: solid;border-color: #000000\">\n<p style=\"text-align: center\"><strong>Samedi 14 mars<\/strong><\/p>\n<p style=\"text-align: center\"><strong>9h &#8211; 12h<\/strong><\/p>\n<\/td>\n<\/tr>\n<tr style=\"height: 361px\">\n<td style=\"width: 23.952%;border-style: solid;border-color: #000000;height: 361px\"><a href=\"https:\/\/www.sepr.edu\/\">S.E.P.R. Ecole des m\u00e9tiers (Lyon 3)<\/a><\/p>\n<p style=\"text-align: center\"><span style=\"font-size: 12pt\">(avec dispositif ULIS)<\/span><\/p>\n<\/td>\n<td style=\"width: 33.7628%;border-style: solid;border-color: #000000;height: 361px\"><span style=\"color: #339966;font-size: 12pt\">Alternance ou formation continue dans les m\u00e9tiers de l&rsquo;<strong>art et de l&rsquo;artisanat<\/strong><\/span><\/td>\n<td style=\"width: 28.0549%;border-style: solid;border-color: #000000;height: 361px\">\n<p style=\"text-align: center\"><strong>Samedi 24 janvier<\/strong><\/p>\n<p style=\"text-align: center\"><strong>9h &#8211; 17h<\/strong><\/p>\n<p style=\"text-align: center\"><a href=\"https:\/\/www.sepr.edu\/evenements\/journee-portes-ouvertes-lyon\/#formulaire\">Sur inscriptions ici<\/a><\/p>\n<\/td>\n<\/tr>\n<tr style=\"height: 87px\">\n<td style=\"width: 23.952%;border-style: solid;border-color: #000000;height: 87px\"><a href=\"https:\/\/hector-guimard.ent.auvergnerhonealpes.fr\/\">Lyc\u00e9e Hector Guimard (Lyon 7)<\/a><\/td>\n<td style=\"width: 33.7628%;border-style: solid;border-color: #000000;height: 87px\"><span style=\"color: #339966;font-size: 12pt\"><strong>Outilleur<\/strong> \/ usinage<\/span><\/p>\n<p><span style=\"font-size: 12pt\"><strong><span style=\"color: #339966\">Electricit\u00e9<\/span><\/strong><\/span><\/p>\n<p><span style=\"color: #339966\">bijouterie-joaillerie<\/span><\/p>\n<p><span style=\"color: #339966;font-size: 12pt\"><strong>Plastique<\/strong> et composites<\/span><\/p>\n<p><span style=\"color: #339966;font-size: 12pt\"><strong>Proth\u00e9siste<\/strong> dentaire<\/span><\/td>\n<td style=\"width: 28.0549%;border-style: solid;border-color: #000000;height: 87px\">\n<p style=\"text-align: center\"><strong>Samedi 28 f\u00e9vrier<\/strong><\/p>\n<p style=\"text-align: center\"><strong>8h30 &#8211; 12h<\/strong><\/p>\n<\/td>\n<\/tr>\n<tr style=\"height: 43px\">\n<td style=\"width: 23.952%;border-style: solid;border-color: #000000;height: 43px\"><a href=\"https:\/\/premier-film.ent.auvergnerhonealpes.fr\/nos-formations\/\" target=\"_blank\" rel=\"noopener\">Lyc\u00e9e du 1er film (Lyon 8)<\/a><\/p>\n<p style=\"text-align: center\"><span style=\"font-size: 12pt\">(avec dispositif ULIS)<\/span><\/p>\n<\/td>\n<td style=\"width: 33.7628%;border-style: solid;border-color: #000000;height: 43px\"><span style=\"color: #339966;font-size: 12pt\"><strong>Esth\u00e9tique<\/strong> <strong>\/ coiffure \/ parfumerie<\/strong><\/span><\/p>\n<p><span style=\"color: #339966;font-size: 12pt\">Artisanat et <strong>marchandisage\u00a0<\/strong><\/span><\/td>\n<td style=\"width: 28.0549%;border-style: solid;border-color: #000000;height: 43px\">\n<p style=\"text-align: center\"><strong>Samedi 14 mars\u00a0<\/strong><\/p>\n<p style=\"text-align: center\"><strong>9h &#8211; 12h<\/strong><\/p>\n<\/td>\n<\/tr>\n<tr style=\"height: 43px\">\n<td style=\"width: 23.952%;border-style: solid;border-color: #000000;height: 43px\"><a href=\"https:\/\/jean-lurcat.ent.auvergnerhonealpes.fr\/lycee\/nos-formations\/formation-initiale\/\" target=\"_blank\" rel=\"noopener\">Lyc\u00e9e Jean Lur\u00e7at (Lyon 8)<\/a><\/td>\n<td style=\"width: 33.7628%;border-style: solid;border-color: #000000;height: 43px\"><span style=\"font-size: 12pt\"><strong><span style=\"color: #339966\">Commerce<\/span><\/strong><\/span><\/p>\n<p><span style=\"font-size: 12pt\"><strong><span style=\"color: #339966\">Accueil<\/span><\/strong><\/span><\/p>\n<p><span style=\"color: #339966;font-size: 12pt\"><strong>Soins<\/strong> et services \u00e0 la personne<\/span><\/p>\n<p><span style=\"font-size: 12pt\"><strong><span style=\"color: #339966\">Animation\u00a0<\/span><\/strong><\/span><\/p>\n<p><span style=\"color: #339966;font-size: 12pt\">Entretien des <strong>textiles<\/strong><\/span><\/td>\n<td style=\"width: 28.0549%;border-style: solid;border-color: #000000;height: 43px\">\n<p style=\"text-align: center\"><strong>Samedi 14 mars<\/strong><\/p>\n<p style=\"text-align: center\"><strong>9h &#8211; 12h<\/strong><\/p>\n<\/td>\n<\/tr>\n<tr>\n<td style=\"width: 23.952%;border-style: solid;border-color: #000000\"><a href=\"https:\/\/martiniere-monplaisir.ent.auvergnerhonealpes.fr\/\">Lyc\u00e9e La Martini\u00e8re Montplaisir (Lyon 8)<\/a><\/td>\n<td style=\"width: 33.7628%;border-style: solid;border-color: #000000\"><span style=\"font-size: 12pt\"><span style=\"color: #339966\"><span style=\"color: #000080;font-size: 12pt\">Lyc\u00e9e g\u00e9n\u00e9ral et technologique<\/span><\/span><\/span><\/td>\n<td style=\"width: 28.0549%;border-style: solid;border-color: #000000\">\n<p style=\"text-align: center\"><strong>Samedi 31 janvier<\/strong><\/p>\n<p style=\"text-align: center\"><strong>9h &#8211; 11h30<\/strong><\/p>\n<\/td>\n<\/tr>\n<tr>\n<td style=\"width: 23.952%;border-style: solid;border-color: #000000\"><a href=\"https:\/\/lumiere.ent.auvergnerhonealpes.fr\/\">Lyc\u00e9e Lumi\u00e8re (Lyon 8)<\/a><\/td>\n<td style=\"width: 33.7628%;border-style: solid;border-color: #000000\"><span style=\"font-size: 12pt\"><span style=\"color: #339966\"><span style=\"color: #000080;font-size: 12pt\">Lyc\u00e9e g\u00e9n\u00e9ral et technologique<\/span><\/span><\/span><\/td>\n<td style=\"width: 28.0549%;border-style: solid;border-color: #000000\">\n<p style=\"text-align: center\"><strong>Samedi 7 mars<\/strong><\/p>\n<p style=\"text-align: center\"><strong>9h &#8211; 12h<\/strong><\/p>\n<\/td>\n<\/tr>\n<tr>\n<td style=\"width: 23.952%;border-style: solid;border-color: #000000\"><a href=\"https:\/\/colbert.ent.auvergnerhonealpes.fr\/\">Lyc\u00e9e Colbert (Lyon 8)<\/a><\/td>\n<td style=\"width: 33.7628%;border-style: solid;border-color: #000000\"><span style=\"font-size: 12pt\"><span style=\"color: #339966\"><span style=\"color: #000080;font-size: 12pt\">Lyc\u00e9e g\u00e9n\u00e9ral et technologique<\/span><\/span><\/span><\/td>\n<td style=\"width: 28.0549%;border-style: solid;border-color: #000000\">\n<p style=\"text-align: center\"><strong>Samedi 28 f\u00e9vrier<\/strong><\/p>\n<p style=\"text-align: center\"><strong>9h &#8211; 12h<\/strong><\/p>\n<\/td>\n<\/tr>\n<tr style=\"height: 43px\">\n<td style=\"width: 23.952%;border-style: solid;border-color: #000000;height: 43px\"><a href=\"https:\/\/louise-labe.ent.auvergnerhonealpes.fr\/les-formations-professionnelles\/\" target=\"_blank\" rel=\"noopener\">Lyc\u00e9e Louise Lab\u00e9 (Lyon 7)<\/a><\/td>\n<td style=\"width: 33.7628%;border-style: solid;border-color: #000000;height: 43px\"><span style=\"font-size: 12pt\"><strong><span style=\"color: #339966\">Commerce<\/span><\/strong><\/span><\/p>\n<p><span style=\"font-size: 12pt\"><strong><span style=\"color: #339966\">Administration<\/span><\/strong><\/span><\/p>\n<p><span style=\"color: #339966;font-size: 12pt\">M\u00e9tiers de la <strong>mode<\/strong><\/span><\/td>\n<td style=\"width: 28.0549%;border-style: solid;border-color: #000000;height: 43px\">\n<p style=\"text-align: center\"><strong>Samedi 7 mars<\/strong><\/p>\n<p style=\"text-align: center\"><strong>9h &#8211; 12h<\/strong><\/p>\n<\/td>\n<\/tr>\n<tr>\n<td style=\"width: 23.952%;border-style: solid;border-color: #000000\"><a href=\"https:\/\/www.lamartinierediderot.fr\/sorienter\/\">Lyc\u00e9e Diderot (Lyon 1)<\/a><\/td>\n<td style=\"width: 33.7628%;border-style: solid;border-color: #000000\"><span style=\"font-size: 12pt\"><strong><span style=\"color: #339966\">Couture et textiles<\/span><\/strong><\/span><\/p>\n<p><span style=\"color: #339966\"><strong>Maintenance \/ pilotage<\/strong> de lignes de production<\/span><\/p>\n<p><span style=\"color: #339966\">Proc\u00e9d\u00e9s de la <strong>chimie<\/strong><\/span><\/td>\n<td style=\"width: 28.0549%;border-style: solid;border-color: #000000\">\n<p style=\"text-align: center\"><strong>Samedi 28 f\u00e9vrier<\/strong><\/p>\n<p style=\"text-align: center\"><strong>9h &#8211; 12h<\/strong><\/p>\n<\/td>\n<\/tr>\n<tr>\n<td style=\"width: 23.952%;border-style: solid;border-color: #000000\"><a href=\"https:\/\/jacques-de-flesselles.ent.auvergnerhonealpes.fr\/\">Lyc\u00e9e Jacques de Flesselles (Lyon 1)<\/a><\/td>\n<td style=\"width: 33.7628%;border-style: solid;border-color: #000000\"><span style=\"font-size: 12pt\"><strong><span style=\"color: #339966\">Administration<\/span><\/strong><\/span><\/p>\n<p><strong><span style=\"color: #339966\">Electricit\u00e9<\/span><\/strong><\/p>\n<p><span style=\"color: #339966\">Cybers\u00e9curit\u00e9, informatique et <strong>r\u00e9seaux<\/strong>, \u00e9lectronique (CIEL)<\/span><\/td>\n<td style=\"width: 28.0549%;border-style: solid;border-color: #000000\">\n<p style=\"text-align: center\"><strong>Samedi 14 mars<\/strong><\/p>\n<p style=\"text-align: center\"><strong>9h &#8211; 12h<\/strong><\/p>\n<\/td>\n<\/tr>\n<tr>\n<td style=\"width: 23.952%;border-style: solid;border-color: #000000\"><a href=\"https:\/\/juliette-recamier.ent.auvergnerhonealpes.fr\">Lyc\u00e9e Juliette R\u00e9camier (Lyon 2)<\/a><\/td>\n<td style=\"width: 33.7628%;border-style: solid;border-color: #000000\"><span style=\"font-size: 12pt\"><span style=\"color: #339966\"><span style=\"color: #000080;font-size: 12pt\">Lyc\u00e9e g\u00e9n\u00e9ral et technologique<\/span><\/span><\/span><\/td>\n<td style=\"width: 28.0549%;border-style: solid;border-color: #000000\">\n<p style=\"text-align: center\"><strong>Samedi 25 avril<\/strong><\/p>\n<p style=\"text-align: center\"><strong>9h &#8211; 12h<\/strong><\/p>\n<\/td>\n<\/tr>\n<tr>\n<td style=\"width: 23.952%;border-style: solid;border-color: #000000\"><a href=\"https:\/\/jean-perrin.ent.auvergnerhonealpes.fr\/international\/\">Lyc\u00e9e Jean Perrin (Lyon 9)<\/a><\/td>\n<td style=\"width: 33.7628%;border-style: solid;border-color: #000000\"><span style=\"font-size: 12pt\"><span style=\"color: #339966\"><span style=\"color: #000080;font-size: 12pt\">Lyc\u00e9e g\u00e9n\u00e9ral et technologique<\/span><\/span><\/span><\/td>\n<td style=\"width: 28.0549%;border-style: solid;border-color: #000000\">\n<p style=\"text-align: center\"><strong>Samedi 31 janvier<\/strong><\/p>\n<p style=\"text-align: center\"><strong>9h &#8211; 12h<\/strong><\/p>\n<\/td>\n<\/tr>\n<tr>\n<td style=\"width: 23.952%;border-style: solid;border-color: #000000\"><a href=\"https:\/\/canuts.ent.auvergnerhonealpes.fr\/le-lycee-l-organisation-et-l-offre-de-formations-\/offre-de-formations\/\">Lyc\u00e9e les Canuts (Vaulx en Velin)<\/a><\/p>\n<p style=\"text-align: center\"><span style=\"font-size: 12pt\">(avec dispositif ULIS)<\/span><\/p>\n<\/td>\n<td style=\"width: 33.7628%;border-style: solid;border-color: #000000\"><span style=\"font-size: 12pt\"><strong><span style=\"color: #339966\">Administration<\/span><\/strong><\/span><\/p>\n<p><span style=\"font-size: 12pt\"><strong><span style=\"color: #339966\">Commerce<\/span><\/strong><\/span><\/p>\n<p><span style=\"font-size: 12pt\"><strong><span style=\"color: #339966\">Electricit\u00e9<\/span><\/strong><\/span><\/p>\n<p><span style=\"color: #339966;font-size: 12pt\">Employ\u00e9 de <strong>restauration<\/strong><\/span><\/td>\n<td style=\"width: 28.0549%;border-style: solid;border-color: #000000\">\n<p style=\"text-align: center\"><strong>Vendredi 23 janvier<\/strong><\/p>\n<p style=\"text-align: center\"><strong>8h &#8211; 14h30<\/strong><\/p>\n<\/td>\n<\/tr>\n<tr>\n<td style=\"width: 23.952%;border-style: solid;border-color: #000000\"><a href=\"https:\/\/robert-doisneau.ent.auvergnerhonealpes.fr\">Lyc\u00e9e Robert Doisneau (Vaulx en Velin)<\/a><\/td>\n<td style=\"width: 33.7628%;border-style: solid;border-color: #000000\"><span style=\"font-size: 12pt\"><span style=\"color: #339966\"><span style=\"color: #000080\">Lyc\u00e9e g\u00e9n\u00e9ral et technologique<\/span><\/span><\/span><\/td>\n<td style=\"width: 28.0549%;border-style: solid;border-color: #000000\">\n<p style=\"text-align: center\"><strong>Samedi 24 janvier<\/strong><\/p>\n<p style=\"text-align: center\"><strong>9h &#8211; 12h30<\/strong><\/p>\n<\/td>\n<\/tr>\n<tr>\n<td style=\"width: 23.952%;border-style: solid;border-color: #000000\"><a href=\"https:\/\/colonel-arnaud-beltrame.ent.auvergnerhonealpes.fr\/\">Lyc\u00e9e Arnaud Beltrame (Meyzieu)<\/a><\/td>\n<td style=\"width: 33.7628%;border-style: solid;border-color: #000000\"><span style=\"font-size: 12pt\"><span style=\"color: #339966\"><span style=\"color: #000080\">Lyc\u00e9e g\u00e9n\u00e9ral et technologique<\/span><\/span><\/span><\/p>\n<p><span style=\"color: #339966;font-size: 12pt\"><strong>Soins<\/strong> et services \u00e0 la personne<\/span><\/p>\n<p><span style=\"font-size: 12pt\"><strong><span style=\"color: #339966\">Animation\u00a0<\/span><\/strong><\/span><\/td>\n<td style=\"width: 28.0549%;border-style: solid;border-color: #000000\">\n<p style=\"text-align: center\"><strong>Samedi 14 mars<\/strong><\/p>\n<p style=\"text-align: center\"><strong>9h &#8211; 12h<\/strong><\/p>\n<\/td>\n<\/tr>\n<tr>\n<td style=\"width: 23.952%;border-style: solid;border-color: #000000\"><a href=\"https:\/\/andre-cuzin.ent.auvergnerhonealpes.fr\/\">Lyc\u00e9e Andr\u00e9 Cuzin (Caluire et Cuire)<\/a><\/p>\n<p style=\"text-align: center\"><span style=\"font-size: 12pt\">(avec dispositif ULIS)<\/span><\/p>\n<\/td>\n<td style=\"width: 33.7628%;border-style: solid;border-color: #000000\"><span style=\"font-size: 12pt\"><strong><span style=\"color: #339966\">B\u00e2timent <\/span><\/strong><span style=\"color: #339966\">\/ travaux publics<\/span><\/span><\/p>\n<p><span style=\"color: #339966;font-size: 12pt\">Construction <strong>bois<\/strong><\/span><\/p>\n<p><span style=\"font-size: 12pt\"><strong><span style=\"color: #339966\">Chauffage <\/span><\/strong><span style=\"color: #339966\">\/<\/span><strong><span style=\"color: #339966\"> climatisation<\/span><\/strong><\/span><\/td>\n<td style=\"width: 28.0549%;border-style: solid;border-color: #000000\">\n<p style=\"text-align: center\"><strong>Vendredi 6 mars<\/strong><\/p>\n<p style=\"text-align: center\"><strong>14h &#8211; 17h<\/strong><\/p>\n<p style=\"text-align: center\"><strong>Samedi 7 mars<\/strong><\/p>\n<p style=\"text-align: center\"><strong>9h &#8211; 12h<\/strong><\/p>\n<\/td>\n<\/tr>\n<tr>\n<td style=\"width: 23.952%;border-style: solid;border-color: #000000\"><a href=\"https:\/\/elie-vignal.ent.auvergnerhonealpes.fr\/\">Cit\u00e9 scolaire Elie Vignal (Caluire et Cuire)<\/a><\/td>\n<td style=\"width: 33.7628%;border-style: solid;border-color: #000000\"><span style=\"font-size: 12pt;color: #d42281\">El\u00e8ves en situation de handicap<\/span><\/p>\n<p><span style=\"font-size: 12pt;color: #d42281\">El\u00e8ves en rupture de scolarit\u00e9<\/span><\/td>\n<td style=\"width: 28.0549%;border-style: solid;border-color: #000000\">\n<p style=\"text-align: center\"><strong>Samedi 7 mars<\/strong><\/p>\n<p style=\"text-align: center\"><strong>9h &#8211; 12h30<\/strong><\/p>\n<\/td>\n<\/tr>\n<tr style=\"height: 74px\">\n<td style=\"width: 23.952%;border-style: solid;border-color: #000000;height: 74px\"><a href=\"https:\/\/camus-sermenaz-rillieux.ent.auvergnerhonealpes.fr\/pole-professionnel\/\" target=\"_blank\" rel=\"noopener\">Lyc\u00e9e Camus &#8211; Sermenaz (Rillieux la Pape)<\/a><\/td>\n<td style=\"width: 33.7628%;border-style: solid;border-color: #000000;height: 74px\"><span style=\"font-size: 12pt\"><strong><span style=\"color: #339966\">Commerce<\/span><\/strong><\/span><\/p>\n<p><span style=\"font-size: 12pt\"><strong><span style=\"color: #339966\">Administration<\/span><\/strong><\/span><\/p>\n<p><span style=\"font-size: 12pt;color: #339966\"><strong>Construction \/ am\u00e9nagement<\/strong> des v\u00e9hicules<\/span><\/p>\n<p><span style=\"color: #339966;font-size: 12pt\">M\u00e9tiers de la <strong>s\u00e9curit\u00e9<\/strong><\/span><\/td>\n<td style=\"width: 28.0549%;border-style: solid;border-color: #000000;height: 74px\">\n<p style=\"text-align: center\"><strong>Samedi 31 janvier<\/strong><\/p>\n<p style=\"text-align: center\"><strong>8h30 &#8211; 11h30<\/strong><\/p>\n<\/td>\n<\/tr>\n<tr>\n<td style=\"width: 23.952%;border-style: solid;border-color: #000000\"><a href=\"https:\/\/georges-lamarque.ent.auvergnerhonealpes.fr\/le-lycee\/les-formations\/\">Lyc\u00e9e Georges Lamarque (Rillieux la Pape)<\/a><\/p>\n<p style=\"text-align: center\"><span style=\"font-size: 12pt\">(avec dispositif ULIS)<\/span><\/p>\n<\/td>\n<td style=\"width: 33.7628%;border-style: solid;border-color: #000000\"><span style=\"font-size: 12pt\"><strong><span style=\"color: #339966\">Tapisserie <\/span><\/strong><span style=\"color: #339966\">\/ <\/span><\/span><span style=\"color: #339966\">Arts du <strong>bois<\/strong><\/span><\/td>\n<td style=\"width: 28.0549%;border-style: solid;border-color: #000000;text-align: center\"><strong>Samedi 7 mars<\/strong><\/p>\n<p><strong>9h &#8211; 12h30<\/strong><\/td>\n<\/tr>\n<tr>\n<td style=\"width: 23.952%;border-style: solid;border-color: #000000\"><a href=\"https:\/\/lp-marie-curie-villeurbanne.ent.auvergnerhonealpes.fr\/\">Lyc\u00e9e Marie Curie (Villeurbanne)<\/a><\/td>\n<td style=\"width: 33.7628%;border-style: solid;border-color: #000000\"><span style=\"font-size: 12pt\"><strong><span style=\"color: #339966\">Commerce<\/span><\/strong><\/span><\/p>\n<p><span style=\"color: #339966\"><strong>Soins<\/strong> et services \u00e0 la personne<\/span><\/td>\n<td style=\"width: 28.0549%;border-style: solid;border-color: #000000;text-align: center\"><strong>Samedi 21 mars<\/strong><\/p>\n<p><strong>9h &#8211; 12h30<\/strong><\/td>\n<\/tr>\n<tr>\n<td style=\"width: 23.952%;border-style: solid;border-color: #000000\"><a href=\"https:\/\/magenta.ent.auvergnerhonealpes.fr\/\">Lyc\u00e9e Magenta (Villeurbanne)<\/a><\/p>\n<p style=\"text-align: center\"><span style=\"font-size: 12pt\">(avec dispositif ULIS)<\/span><\/p>\n<\/td>\n<td style=\"width: 33.7628%;border-style: solid;border-color: #000000\"><span style=\"font-size: 12pt\"><strong><span style=\"color: #339966\">Commerce<\/span><\/strong><\/span><\/p>\n<p><span style=\"color: #339966\">Administration<\/span><\/td>\n<td style=\"width: 28.0549%;border-style: solid;border-color: #000000\">\n<p style=\"text-align: center\"><strong>Samedi 28 mars<\/strong><\/p>\n<p style=\"text-align: center\"><strong>9h &#8211; 12h<\/strong><\/p>\n<\/td>\n<\/tr>\n<tr style=\"height: 205px\">\n<td style=\"width: 23.952%;border-style: solid;border-color: #000000;height: 205px\"><a href=\"https:\/\/alfred-de-musset.ent.auvergnerhonealpes.fr\" target=\"_blank\" rel=\"noopener\">Lyc\u00e9e Alfred de Musset (Villeurbanne)<\/a><\/p>\n<p style=\"text-align: center\"><span style=\"font-size: 12pt\">(avec dispositif ULIS)<\/span><\/p>\n<\/td>\n<td style=\"width: 33.7628%;border-style: solid;border-color: #000000;height: 205px\"><span style=\"font-size: 12pt\"><strong><span style=\"color: #339966\">Logistique<\/span><\/strong><\/span><\/p>\n<p><span style=\"color: #339966;font-size: 12pt\">Maintenance <strong>industrielle<\/strong><\/span><\/td>\n<td style=\"width: 28.0549%;border-style: solid;border-color: #000000;height: 205px\">\n<p style=\"text-align: center\"><strong>Samedi 14 mars<\/strong><\/p>\n<p style=\"text-align: center\"><strong>9h &#8211; 12h<\/strong><\/p>\n<\/td>\n<\/tr>\n<tr>\n<td style=\"width: 23.952%;border-style: solid;border-color: #000000\"><a href=\"https:\/\/lyc-frederic-fays.ent.auvergnerhonealpes.fr\/nos-formations\/\">Lyc\u00e9e Fr\u00e9d\u00e9ric Fa\u00ffs (Villeurbanne)<\/a><\/td>\n<td style=\"width: 33.7628%;border-style: solid;border-color: #000000\"><span style=\"font-size: 12pt\"><strong><span style=\"color: #339966\">Mod\u00e9lisation 3D<\/span><\/strong><\/span><\/p>\n<p><strong><span style=\"color: #339966\">Chaudronnerie<\/span><\/strong><\/p>\n<p><span style=\"color: #339966\">Production <strong>m\u00e9canique<\/strong><\/span><\/p>\n<p><span style=\"font-size: 12pt\"><span style=\"color: #339966\"><span style=\"color: #000080\">Lyc\u00e9e g\u00e9n\u00e9ral et technologique<\/span><\/span><\/span><\/td>\n<td style=\"width: 28.0549%;border-style: solid;border-color: #000000\">\n<p style=\"text-align: center\"><strong>Samedi 21 mars<\/strong><\/p>\n<p style=\"text-align: center\"><strong>9h &#8211; 13h<\/strong><\/p>\n<\/td>\n<\/tr>\n<tr>\n<td style=\"width: 23.952%;border-style: solid;border-color: #000000\"><a href=\"https:\/\/pierre-brossolette.ent.auvergnerhonealpes.fr\/enseignement\">Lyc\u00e9e Pierre Brossolette (Villeurbanne)<\/a><\/p>\n<p style=\"text-align: center\"><span style=\"font-size: 12pt\">(avec dispositif ULIS)<\/span><\/p>\n<\/td>\n<td style=\"width: 33.7628%;border-style: solid;border-color: #000000\"><span style=\"font-size: 12pt\"><span style=\"color: #339966\"><span style=\"color: #000080\">Lyc\u00e9e g\u00e9n\u00e9ral et technologique<\/span><\/span><\/span><\/td>\n<td style=\"width: 28.0549%;border-style: solid;border-color: #000000\">\n<p style=\"text-align: center\"><strong>Vendredi 30 janvier<\/strong><\/p>\n<p style=\"text-align: center\"><strong>16h &#8211; 19h30<\/strong><\/p>\n<\/td>\n<\/tr>\n<tr style=\"height: 149px\">\n<td style=\"width: 23.952%;height: 149px;border-style: solid;border-color: #000000\"><a href=\"https:\/\/www.lyceecfarabelais-lyondardilly.fr\" target=\"_blank\" rel=\"noopener\">Lyc\u00e9e Rabelais (Dardilly)<\/a><\/td>\n<td style=\"width: 33.7628%;height: 149px;border-style: solid;border-color: #000000\"><span style=\"color: #339966;font-size: 12pt\">M\u00e9tiers de <strong>l&rsquo;alimentation<\/strong> (boulangerie, traiteur, p\u00e2tisserie)<\/span><\/td>\n<td style=\"width: 28.0549%;height: 149px;border-style: solid;border-color: #000000\">\n<p style=\"text-align: center\"><strong>Samedi 14 mars<\/strong><\/p>\n<p style=\"text-align: center\"><strong>9h &#8211; 13h<\/strong><\/p>\n<p>&nbsp;<\/td>\n<\/tr>\n<tr>\n<td style=\"width: 23.952%;border-style: solid;border-color: #000000\"><a href=\"https:\/\/agri-lyon-dardilly-ecully.fr\">Lyc\u00e9e Horticole de Dardilly (Dardilly)<\/a><\/td>\n<td style=\"width: 33.7628%;border-style: solid;border-color: #000000\"><span style=\"font-size: 12pt;color: #339966\">Production horticole<\/span><\/p>\n<p><span style=\"font-size: 12pt;color: #339966\">Am\u00e9nagement paysager<\/span><\/p>\n<p><span style=\"color: #339966;font-size: 12pt\"><span style=\"font-size: 12pt\"><span style=\"color: #339966\"><span style=\"color: #000080\">Lyc\u00e9e g\u00e9n\u00e9ral et technologique (sp\u00e9cialit\u00e9 biologie-\u00e9cologie, sciences et technologie et l&rsquo;agronomie et du vivant)<\/span><\/span><\/span><\/span><\/td>\n<td style=\"width: 28.0549%;border-style: solid;border-color: #000000\">\n<p style=\"text-align: center\"><strong>Vendredi 30 janvier<\/strong><\/p>\n<p style=\"text-align: center\"><strong>16h &#8211; 18h<\/strong><\/p>\n<p style=\"text-align: center\"><strong>Samedi 31 janvier<\/strong><\/p>\n<p style=\"text-align: center\"><strong>9h &#8211; 13h<\/strong><\/p>\n<p style=\"text-align: center\"><strong>Samedi 14 mars<\/strong><\/p>\n<p style=\"text-align: center\"><strong>9h &#8211; 13h<\/strong><\/p>\n<\/td>\n<\/tr>\n<tr>\n<td style=\"width: 23.952%;border-style: solid;border-color: #000000\"><a href=\"https:\/\/gustave-eiffel.ent.auvergnerhonealpes.fr\/\">Lyc\u00e9e Gustave Eiffel (Brignais)<\/a><\/td>\n<td style=\"width: 33.7628%;border-style: solid;border-color: #000000\"><span style=\"font-size: 12pt\"><strong><span style=\"color: #339966\">Menuiserie<\/span><\/strong><\/span><\/p>\n<p><span style=\"color: #339966;font-size: 12pt\"><strong>B\u00e2timent<\/strong> \/ travaux publics<\/span><\/p>\n<p><span style=\"font-size: 12pt\"><strong><span style=\"color: #339966\">Administration<\/span><\/strong><\/span><\/td>\n<td style=\"width: 28.0549%;border-style: solid;border-color: #000000\">\n<p style=\"text-align: center\"><strong>Samedi 7 mars<\/strong><\/p>\n<p style=\"text-align: center\"><strong>8h30 -12h<\/strong><\/p>\n<\/td>\n<\/tr>\n<tr style=\"height: 237px\">\n<td style=\"width: 23.952%;height: 237px;border-style: solid;border-color: #000000\"><a href=\"https:\/\/www.lyceehorticole.fr\/formations\/\" target=\"_blank\" rel=\"noopener\">Lyc\u00e9e horticole (La Tour du Pin)<\/a><\/p>\n<p style=\"text-align: center\"><strong><span style=\"font-size: 10pt\">avec internat<\/span><\/strong><\/p>\n<\/td>\n<td style=\"width: 33.7628%;height: 237px;border-style: solid;border-color: #000000\"><span style=\"font-size: 12pt\"><strong><span style=\"color: #339966\">Horticulture<\/span><\/strong><\/span><\/p>\n<p><span style=\"color: #339966;font-size: 12pt\">Vente en <strong>jardinerie<\/strong> \/ <strong>animalerie<\/strong><\/span><\/td>\n<td style=\"width: 28.0549%;height: 237px;border-style: solid;border-color: #000000\">\n<p style=\"text-align: center\"><strong>Samedi 21 mars<\/strong><\/p>\n<p style=\"text-align: center\"><strong>9h &#8211; 17h<\/strong><\/p>\n<\/td>\n<\/tr>\n<tr>\n<td style=\"width: 23.952%;border-style: solid;border-color: #000000\"><a href=\"https:\/\/cibeins.fr\/formation-college\/\">Lyc\u00e9e de Cibeins (Mis\u00e9rieux, 01)<\/a><\/p>\n<p style=\"text-align: center\"><strong><span style=\"font-size: 10pt\">avec internat<\/span><\/strong><\/p>\n<\/td>\n<td style=\"width: 33.7628%;border-style: solid;border-color: #000000\"><span style=\"font-size: 12pt\"><strong><span style=\"color: #339966\"><span style=\"color: #000080\">Lyc\u00e9e g\u00e9n\u00e9ral et technologique<\/span><\/span><\/strong><\/span><\/p>\n<p><span style=\"color: #000080\">(sciences, nature, laboratoire)<\/span><\/p>\n<p><span style=\"color: #339966\">Animalerie \/ \u00e9levage canin<\/span><\/p>\n<p><span style=\"color: #339966\">Aquaculture<\/span><\/td>\n<td style=\"width: 28.0549%;border-style: solid;border-color: #000000;text-align: center\"><strong>Samedi 21 mars <\/strong><\/p>\n<p><strong>9h &#8211; 17h<\/strong><\/td>\n<\/tr>\n<tr style=\"height: 147px\">\n<td style=\"width: 23.952%;height: 147px;border-style: solid;border-color: #000000\"><a href=\"https:\/\/georges-charpak.ent.auvergnerhonealpes.fr\/nos-formations\/\" target=\"_blank\" rel=\"noopener\">Lyc\u00e9e Georges Charpak (Ch\u00e2tillon sur Chalaronne)<\/a><\/td>\n<td style=\"width: 33.7628%;height: 147px;border-style: solid;border-color: #000000\"><span style=\"color: #339966;font-size: 12pt\">Maintenance des <strong>v\u00e9hicules<\/strong><\/span><\/td>\n<td style=\"width: 28.0549%;height: 147px;border-style: solid;border-color: #000000\">\n<p style=\"text-align: center\"><strong>Vendredi 13 mars<\/strong><\/p>\n<p style=\"text-align: center\"><strong>14h &#8211; 19h<\/strong><\/p>\n<p style=\"text-align: center\"><strong>Samedi 14 mars<\/strong><\/p>\n<p style=\"text-align: center\"><strong>9h &#8211; 12h<\/strong><\/p>\n<\/td>\n<\/tr>\n<\/tbody>\n<\/table>\n","protected":false},"excerpt":{"rendered":"<p>D\u00e9couvrez ci-dessous les dates des Journ\u00e9es Portes Ouvertes des lyc\u00e9es de la r\u00e9gion. C&rsquo;est le meilleur moyen pour d\u00e9couvrir les<\/p>\n","protected":false},"author":124882,"featured_media":0,"parent":0,"menu_order":0,"comment_status":"closed","ping_status":"closed","template":"","meta":{"footnotes":""},"class_list":["post-1281","page","type-page","status-publish","hentry","comments-off"],"_links":{"self":[{"href":"https:\/\/collegeborisvian.blogs.laclasse.com\/index.php?rest_route=\/wp\/v2\/pages\/1281","targetHints":{"allow":["GET"]}}],"collection":[{"href":"https:\/\/collegeborisvian.blogs.laclasse.com\/index.php?rest_route=\/wp\/v2\/pages"}],"about":[{"href":"https:\/\/collegeborisvian.blogs.laclasse.com\/index.php?rest_route=\/wp\/v2\/types\/page"}],"author":[{"embeddable":true,"href":"https:\/\/collegeborisvian.blogs.laclasse.com\/index.php?rest_route=\/wp\/v2\/users\/124882"}],"replies":[{"embeddable":true,"href":"https:\/\/collegeborisvian.blogs.laclasse.com\/index.php?rest_route=%2Fwp%2Fv2%2Fcomments&post=1281"}],"version-history":[{"count":5,"href":"https:\/\/collegeborisvian.blogs.laclasse.com\/index.php?rest_route=\/wp\/v2\/pages\/1281\/revisions"}],"predecessor-version":[{"id":1889,"href":"https:\/\/collegeborisvian.blogs.laclasse.com\/index.php?rest_route=\/wp\/v2\/pages\/1281\/revisions\/1889"}],"wp:attachment":[{"href":"https:\/\/collegeborisvian.blogs.laclasse.com\/index.php?rest_route=%2Fwp%2Fv2%2Fmedia&parent=1281"}],"curies":[{"name":"wp","href":"https:\/\/api.w.org\/{rel}","templated":true}]}}